{"id":24,"date":"2016-01-30T17:58:59","date_gmt":"2016-01-30T17:58:59","guid":{"rendered":"http:\/\/christophreicho.com\/wp\/?page_id=24"},"modified":"2025-11-11T06:51:10","modified_gmt":"2025-11-11T06:51:10","slug":"autor","status":"publish","type":"page","link":"http:\/\/christoph-calim.com\/wp\/autor\/","title":{"rendered":"WRITER"},"content":{"rendered":"<h1 style=\"text-align: justify;\"><strong>Die Generation der ewig Suchenden<\/strong><\/h1>\n<h2 style=\"text-align: justify;\"><strong>Der Autor Christoph Calim ver\u00f6ffentlicht seinen Deb\u00fctroman<\/strong><\/h2>\n<p style=\"text-align: justify;\"><strong>Christoph Calim ver\u00f6ffentlicht im Februar 2016 mit seinem Deb\u00fct \u201eSchlaraffenland\u201c einen ber\u00fchrenden und spannenden Roman am Puls der Zeit \u00fcber drei mitteleurop\u00e4ische Wohlstandskids, die sich auf der Suche nach einer Identit\u00e4t verlieren. Das Buch wird auf der Leipziger Buchmesse 2016 pr\u00e4sentiert und erscheint bei dem Wiener Septime Verlag.<\/strong><\/p>\n<p style=\"text-align: justify;\">Der Roman \u201eSchlaraffenland\u201c handelt von Lea, Adriano und Butler \u2013 drei Freunden auf der Suche, jeder auf seinem Weg, der weder klar erkennbar ist noch in eine Richtung weist. Sie sind Prototypen einer Generation, die Kindheit und Jugend in \u00dcbers\u00e4ttigung verbracht hat, von Haus aus ausgestattet mit allen M\u00f6glichkeiten: Intelligenz und Bildung, finanziellen Mitteln und Sicherheit \u2013 und dem Unverm\u00f6gen, daraus eine Perspektive zu entwickeln.<\/p>\n<p style=\"text-align: justify;\"><strong>Zwischen Identit\u00e4tsfrage, Versagens\u00e4ngsten und Beziehungsunf\u00e4higkeit<\/strong><\/p>\n<p style=\"text-align: justify;\">In einer Zeit, in der Europa wirtschaftlich kollabiert und die Jugendarbeitslosigkeit rasant steigt, scheint die Gleichg\u00fcltigkeit junger Menschen, denen alle Wege offenstehen und die dennoch ungl\u00fccklich sind, geradezu paradox. Calims Deb\u00fctroman behandelt den Zeitgeist einer suchgef\u00e4hrdeten Generation, die permanent um sich selbst kreist und sich in ihrem gedanklichen Mikrokosmos orientierungslos zwischen Identit\u00e4tsfrage, Versagens\u00e4ngsten und Beziehungsunf\u00e4higkeit bewegt. Die Frage nach dem eigenen Lebensmodell sp\u00fclt sie durch ein wildes Szenario der Gef\u00fchlswelten und Abh\u00e4ngigkeiten. Welchen Wert haben Freundschaft und Liebe, wenn man sich der eigenen Bed\u00fcrfnisse kaum bewusst ist? \u201e<em>Wir wissen weder, was wir wollen, noch, was wir haben, und alles, was wir haben, wollen wir nicht mehr<\/em>\u201c, konstatiert Lea in ihrem intimen Manifest und res\u00fcmiert: \u201e<em>Wie k\u00f6nnen wir jemals wissen, wer wir sind, wenn wir nicht wissen, was wir wollen?<\/em>\u201c<\/p>\n<p style=\"text-align: justify;\"><strong>Party-Roadtrip in die Einsamkeit<\/strong><\/p>\n<p style=\"text-align: justify;\">Die drei kennen sich seit ihren Kindheitstagen in Wien: Lea, erfolgreiche Journalistin, Lebefrau und Kosmopolitin, die sich in der oberfl\u00e4chlichen Welt und der Gedankenlosigkeit ihrer Generation langweilt, l\u00e4sst sich auf eine Beziehung mit dem notorisch ungl\u00fccklich verliebten Webprogrammierer Butler ein. Der l\u00e4dt ihren gemeinsamen alten Kumpel Adriano, einen arbeitslosen Langzeitstudenten, Partyhengst und Frauenhelden, zur Hochzeitsfeier nach Berlin ein. Und sie lassen es krachen \u2013 nach ausufernden gemeinsamen Partyn\u00e4chten ist das Drama unabwendbar: Die Flucht vor der Realit\u00e4t, das ewige Vielleicht f\u00fchrt zum emotionalen Supergau, der das fragile Konstrukt ihres Lebens und ihrer Verbindungen sprengt.<\/p>\n<p style=\"text-align: justify;\"><strong>Durch die Seelenwelt eines &#8220;suchgef\u00e4hrdeten&#8221; Zeitgeistes<\/strong><\/p>\n<p style=\"text-align: justify;\">Jede der drei Romanfiguren dokumentiert seine Welt auf andere Art: Adriano verewigt seine Club-Impressionen und Sex-Exzesse in einem Partyblog. Lea tippt ihre Gedanken in ihr pers\u00f6nliches Manifest, eine sozialkritische und polemische Abrechnung mit ihrer Generation. Butler verzeichnet in Therapie-Tageb\u00fcchern chronologisch das Scheitern seines Selbst und ihrer Freundschaft.<\/p>\n<p style=\"text-align: justify;\">Authentisch und stilsicher, empathisch und humoristisch begleitet uns der Autor auf dem Trip durch die Seelenwelt eines suchgef\u00e4hrdeten Zeitgeistes. \u201e<em>Wir halten die Augen immer offen und Ausschau nach au\u00dfergew\u00f6hnlichen Autorinnen und Autoren. Reichos Deb\u00fct ist ein mitrei\u00dfender Roman, der den Zeitgeist trifft. Wir freuen uns Christoph nun in der Septime-Familie zu begr\u00fc\u00dfen<\/em>\u201c, betont Verlagschef J\u00fcrgen Sch\u00fctz.<\/p>\n<p><a href=\"http:\/\/www.septime-verlag.at\/autoren\/reicho.html\" target=\"_blank\" rel=\"noopener noreferrer\">Septime Verlag<\/a><\/p>\n<h1>C A L i M ver\u00f6ffentlicht gleichzeitig neues Album und ersten Roman<\/h1>\n<h2>Der Singer\/Songwriter definiert die Grenzen zwischen Literatur und Popmusik neu<\/h2>\n<p style=\"text-align: justify;\"><strong>Christoph Calim ver\u00f6ffentlicht im Februar 2016 sein neues Singer\/Songwriter-Album \u201eAlles ist zu wenig\u201c \u2013 den selbst geschriebenen und gesungenen Soundtrack zu seinem Deb\u00fctroman \u201eSchlaraffenland\u201c, der auf der Leipziger Buchmesse 2016 pr\u00e4sentiert wird.\u2028<\/strong><\/p>\n<p style=\"text-align: justify;\">Calim, dessen Name ein K\u00fcrzel f\u00fcr die Comicfigur Calimero ist, liefert mit seinem Buch \u201eSchlaraffenland\u201c einen spannenden und impulsiven Roman \u00fcber die europ\u00e4ische Wohlstandsgeneration. Mit \u201eAlles ist zu wenig\u201c schrieb der S\u00e4nger parallel dazu sein neues Singer\/Songwriter-Album und einen Soundtrack, der die emotionale Innenwelt der Romanfiguren zu musikalischem Leben erweckt.<\/p>\n<p style=\"text-align: justify;\">Musik und Romantext funktionieren jeweils f\u00fcr sich, illustrieren sich aber wechselseitig: \u201eDer Roman und die CD sind jeweils zu 100 Prozent eigenst\u00e4ndige Werke. Wer die Geschichte liest, braucht keine Tonspur dazu. Wer das Lesevergn\u00fcgen aber mit den in den Songs widergespiegelten Emotionen der Romanfiguren erweitern m\u00f6chte, hat als besonderes Special die Chance dazu\u201c, betont Calim.<\/p>\n<p style=\"text-align: justify;\"><strong>Literatur und Popmusik in Kombination<\/strong><\/p>\n<p style=\"text-align: justify;\">Calim ist authentisch. Er textet, komponiert und interpretiert alle Songs des Albums selbst, die zwischen emotionalen Liebesgest\u00e4ndnissen und sozialkritischen Wachr\u00fcttlern wechseln und die emotionale Innenwelt seiner Romanfiguren widerspiegeln. Calims Musik findet zwischen der unversch\u00e4mten Leichtigkeit des Seins und der Bedeutungsschwere eines reflektierten Geistes sein Zuhause \u2013 versetzt mit einem Schuss italienischer Lebenslust.<\/p>\n<p style=\"text-align: justify;\">Das Album \u201eAlles ist zu wenig\u201c kombiniert melodi\u00f6se, kr\u00e4ftige Pop-Songs mit poetischen, reduzierten Liedermacherliedern und erscheint in Deutschland, \u00d6sterreich und der Schweiz. \u201e\u00d6sterreichische Musik hat in der Szene einen hohen Stellenwert bekommen. Calims au\u00dfergew\u00f6hnliches Projekt definiert die Grenzen zwischen Literatur und Popmusik neu\u201c, freut sich Projektpartner Sandro de Lorenzo (Rummelplatzmusik) \u00fcber die internationale Zusammenarbeit.<\/p>\n<p style=\"text-align: justify;\"><strong>Zwischen Identit\u00e4tsfrage, Versagens\u00e4ngsten und Beziehungsunf\u00e4higkeit<\/strong><\/p>\n<p style=\"text-align: justify;\">Christoph Calims Roman \u201eSchlaraffenland\u201c wird vom Wiener Verlag Septime herausgebracht und handelt von Lea, Adriano und Butler \u2013 drei Freunden auf der Suche, jeder auf seinem Weg, der weder klar erkennbar ist noch in eine Richtung weist. Sie sind Prototypen einer Generation von mitteleurop\u00e4ischen Wohlstandskids, die Kindheit und Jugend in \u00dcbers\u00e4ttigung verbracht haben, von Haus aus ausgestattet mit allen M\u00f6glichkeiten: Intelligenz und Bildung, finanziellen Mitteln und Sicherheit \u2013 und dem Unverm\u00f6gen, daraus eine Perspektive zu entwickeln.<\/p>\n<p style=\"text-align: justify;\">In einer Zeit, in der Europa wirtschaftlich kollabiert und die Jugendarbeitslosigkeit rasant steigt, scheint die Gleichg\u00fcltigkeit junger Menschen, denen alle Wege offenstehen und die dennoch ungl\u00fccklich sind, geradezu paradox. Reichos Deb\u00fctroman behandelt den Zeitgeist einer suchgef\u00e4hrdeten Generation, die permanent um sich selbst kreist und sich in ihrem gedanklichen Mikrokosmos orientierungslos zwischen Identit\u00e4tsfrage, Versagens\u00e4ngsten und Beziehungsunf\u00e4higkeit bewegt.<\/p>\n<p style=\"text-align: justify;\"><strong>Botschaft und musikalische Leichtigkeit in Symbiose<\/strong><\/p>\n<p style=\"text-align: justify;\">Die musikalische Umsetzung dieser ungewissen Suche kommt deutlich vers\u00f6hnlicher daher, l\u00e4dt zum Verweilen ein und zum Zur\u00fccklehnen. In seinen Liedern bietet Calim auch L\u00f6sungen an. Der Symbiose aus dem Gewicht der Botschaft und Leichtigkeit des Genie\u00dfens f\u00e4llt dabei eine besondere Rolle zu. Das Publikum darf sich auch auf den ein oder anderen Ohrwurm freuen. Vor allem die Singles \u201eSeelenverwandt\u201c oder \u201ePlanet\u201c gl\u00e4nzen mit eing\u00e4ngigen Refrains. \u201e\u00d6ffne deine Faust und reich mir die Hand!\u201c \u2013 welche Aufforderung w\u00e4re notwendiger in einer Zeit, in der immerzu von Z\u00e4unen und Grenzen die Rede ist? \u201eIch schreibe, wenn mich etwas ber\u00fchrt und versuche Beobachtungen, pers\u00f6nlich Erlebtes und die darin aufkommenden Gef\u00fchle zu kombinieren\u201c, verr\u00e4t Calim sein Kreativ-Rezept.<\/p>\n<p style=\"text-align: justify;\"><strong>Erz\u00e4hler und S\u00e4nger als eine Person<\/strong><\/p>\n<p style=\"text-align: justify;\">Calim ist 2016 mit seiner Cuv\u00e9e aus Lesung und Konzert solo, im Duo oder mit f\u00fcnfk\u00f6pfiger Band zu sehen. Die gef\u00fchlvoll arrangierten Pop-Songs und Textpassagen wechseln sich ab und servieren dem Publikum die Romangeschichte in einem ber\u00fchrenden, musikalischen Mantel. Diese duale Form des Erz\u00e4hlens, die geb\u00fcndelte Form der Geschichten macht die Live-Performance zu einem multisensualen Erlebnis. Geplant sind kleine, intime Akustikkonzert-Lesungen bei Weing\u00fctern- und Kultur-Kleinb\u00fchnen bis hin zu gro\u00dfen Club-, Stadtfest- und Festivalstages im gesamten deutschsprachigen Raum.<\/p>\n","protected":false},"excerpt":{"rendered":"<p>Die Generation der ewig Suchenden Der Autor Christoph Calim ver\u00f6ffentlicht seinen Deb\u00fctroman Christoph Calim ver\u00f6ffentlicht im Februar 2016 mit seinem Deb\u00fct \u201eSchlaraffenland\u201c einen ber\u00fchrenden und spannenden Roman am Puls der Zeit \u00fcber drei mitteleurop\u00e4ische Wohlstandskids, die sich auf der Suche nach einer Identit\u00e4t verlieren. Das Buch wird auf der Leipziger Buchmesse 2016 pr\u00e4sentiert und erscheint&#8230;<\/p>\n","protected":false},"author":1,"featured_media":573,"parent":0,"menu_order":0,"comment_status":"closed","ping_status":"closed","template":"","meta":[],"_links":{"self":[{"href":"http:\/\/christoph-calim.com\/wp\/wp-json\/wp\/v2\/pages\/24"}],"collection":[{"href":"http:\/\/christoph-calim.com\/wp\/wp-json\/wp\/v2\/pages"}],"about":[{"href":"http:\/\/christoph-calim.com\/wp\/wp-json\/wp\/v2\/types\/page"}],"author":[{"embeddable":true,"href":"http:\/\/christoph-calim.com\/wp\/wp-json\/wp\/v2\/users\/1"}],"replies":[{"embeddable":true,"href":"http:\/\/christoph-calim.com\/wp\/wp-json\/wp\/v2\/comments?post=24"}],"version-history":[{"count":10,"href":"http:\/\/christoph-calim.com\/wp\/wp-json\/wp\/v2\/pages\/24\/revisions"}],"predecessor-version":[{"id":418,"href":"http:\/\/christoph-calim.com\/wp\/wp-json\/wp\/v2\/pages\/24\/revisions\/418"}],"wp:featuredmedia":[{"embeddable":true,"href":"http:\/\/christoph-calim.com\/wp\/wp-json\/wp\/v2\/media\/573"}],"wp:attachment":[{"href":"http:\/\/christoph-calim.com\/wp\/wp-json\/wp\/v2\/media?parent=24"}],"curies":[{"name":"wp","href":"https:\/\/api.w.org\/{rel}","templated":true}]}}